{"id":3192,"date":"2019-10-08T09:51:46","date_gmt":"2019-10-08T13:51:46","guid":{"rendered":"https:\/\/infi.ufms.br\/?page_id=3192"},"modified":"2023-11-29T18:37:48","modified_gmt":"2023-11-29T22:37:48","slug":"fisica-bacharelado","status":"publish","type":"page","link":"https:\/\/infi.ufms.br\/en\/tcc\/fisica-bacharelado\/","title":{"rendered":"TCCs F\u00edsica Bacharelado"},"content":{"rendered":"<div class=\"accordion\" id=\"accordionTCC\">\n<div class=\"accordion\" id=\"accordionTCC\">\n<div class=\"card\">\n<div class=\"card-header\" id=\"heading12\">\n<h2 class=\"mb-0\">\n          <button class=\"btn btn-link collapsed\" type=\"button\" data-toggle=\"collapse\" data-target=\"#collapse12\"><br \/>\n            Trajetoria de uma particula carregada na perspectiva do formalismo Lagrangiano<br \/>\n          <\/button><br \/>\n        <\/h2>\n<\/p><\/div>\n<div id=\"collapse12\" class=\"collapse\" aria-labelledby=\"heading12\" data-parent=\"#accordionTCC\">\n<div class=\"card-body\">\n<table width=\"95%\" align=\"center\">\n<thead>\n<tr>\n<th>Acad\u00eamico<\/th>\n<th>Orientador<\/th>\n<th>Data<\/th>\n<th><\/th>\n<\/tr>\n<\/thead>\n<tr>\n<td>Yuri Kokehara<\/td>\n<td>Glaucius Iahnke de Oliveira<\/td>\n<td>06\/12\/2019<\/td>\n<td><a href=\"https:\/\/drive.google.com\/file\/d\/1w5RYQt_6g60hxwAgiQGHBlxaU1mTtt9e\/view\" target=\"_blank\" rel=\"noopener\">Download<\/a><\/td>\n<\/tr>\n<\/table><\/div>\n<\/p><\/div>\n<\/p><\/div>\n<div class=\"card\">\n<div class=\"card-header\" id=\"heading11\">\n<h2 class=\"mb-0\">\n          <button class=\"btn btn-link collapsed\" type=\"button\" data-toggle=\"collapse\" data-target=\"#collapse11\"><br \/>\n            Diferencia\u00e7\u00e3o de esp\u00e9cies de eucaliptos utilizando espectroscopia no infravermelho <br \/>e aprendizagem de m\u00e1quina<br \/>\n          <\/button><br \/>\n        <\/h2>\n<\/p><\/div>\n<div id=\"collapse11\" class=\"collapse\" aria-labelledby=\"heading11\" data-parent=\"#accordionTCC\">\n<div class=\"card-body\">\n<table width=\"95%\" align=\"center\">\n<thead>\n<tr>\n<th>Acad\u00eamico<\/th>\n<th>Orientador<\/th>\n<th>Data<\/th>\n<th><\/th>\n<\/tr>\n<\/thead>\n<tr>\n<td>Carlos Gabriel Santos da Silva<\/td>\n<td>C\u00edcero Rafael Cena da Silva<\/td>\n<td>18\/11\/2021<\/td>\n<td><a href=\"https:\/\/drive.google.com\/file\/d\/1f9YR92BdEqSvnxXvo-DtXS5WuUjV5C6b\/view\" target=\"_blank\" rel=\"noopener\">Download<\/a><\/td>\n<\/tr>\n<\/table><\/div>\n<\/p><\/div>\n<\/p><\/div>\n<div class=\"card\">\n<div class=\"card-header\" id=\"heading10\">\n<h2 class=\"mb-0\">\n          <button class=\"btn btn-link collapsed\" type=\"button\" data-toggle=\"collapse\" data-target=\"#collapse10\"><br \/>\n            Modelagem Estat\u00edstica para o n\u00famero de casos de dengue na cidade de Campo Grande &#8211; MS<br \/>\n          <\/button><br \/>\n        <\/h2>\n<\/p><\/div>\n<div id=\"collapse10\" class=\"collapse\" aria-labelledby=\"heading10\" data-parent=\"#accordionTCC\">\n<div class=\"card-body\">\n<table width=\"95%\" align=\"center\">\n<thead>\n<tr>\n<th>Acad\u00eamico<\/th>\n<th>Orientador<\/th>\n<th>Data<\/th>\n<th><\/th>\n<\/tr>\n<\/thead>\n<tr>\n<td>F\u00e1bio Batista Rodrigues<\/td>\n<td>Erlandson Ferreira Saraiva<\/td>\n<td>11\/2021<\/td>\n<td><a href=\"https:\/\/drive.google.com\/file\/d\/17e2LCUHYsUzy6aiS78FzFJYyfiC0DRkE\/view\" target=\"_blank\" rel=\"noopener\">Download<\/a><\/td>\n<\/tr>\n<\/table><\/div>\n<\/p><\/div>\n<\/p><\/div>\n<div class=\"card\">\n<div class=\"card-header\" id=\"heading9\">\n<h2 class=\"mb-0\">\n          <button class=\"btn btn-link collapsed\" type=\"button\" data-toggle=\"collapse\" data-target=\"#collapse9\"><br \/>\n            Avalia\u00e7\u00e3o do uso de nanopart\u00edculas de ouro para fotoinativa\u00e7\u00e3o de Staphylococcus aureus.<br \/>\n          <\/button><br \/>\n        <\/h2>\n<\/p><\/div>\n<div id=\"collapse9\" class=\"collapse\" aria-labelledby=\"heading9\" data-parent=\"#accordionTCC\">\n<div class=\"card-body\">\n<table width=\"95%\" align=\"center\">\n<thead>\n<tr>\n<th>Acad\u00eamico<\/th>\n<th>Orientador<\/th>\n<th>Data<\/th>\n<th><\/th>\n<\/tr>\n<\/thead>\n<tr>\n<td>Hygor Chaves da Silva<\/td>\n<td>Samuel Leite de Oliveira<\/td>\n<td>11\/2021<\/td>\n<td><a href=\"https:\/\/drive.google.com\/file\/d\/1oNigpNKxyExOeqXnuAkTeLod0FlGrXPG\/view\" target=\"_blank\" rel=\"noopener\">Download<\/a><\/td>\n<\/tr>\n<\/table><\/div>\n<\/p><\/div>\n<\/p><\/div>\n<div class=\"card\">\n<div class=\"card-header\" id=\"heading8\">\n<h2 class=\"mb-0\">\n          <button class=\"btn btn-link collapsed\" type=\"button\" data-toggle=\"collapse\" data-target=\"#collapse8\"><br \/>\n            Estudo da heterojun\u00e7\u00e3o MoS<sub>2<\/sub>\/Bi<sub>2<\/sub>MoO<sub>6<\/sub> para a degrada\u00e7\u00e3o fotocatal\u00edtica de poluentes org\u00e2nicos.<br \/>\n          <\/button><br \/>\n        <\/h2>\n<\/p><\/div>\n<div id=\"collapse8\" class=\"collapse\" aria-labelledby=\"heading8\" data-parent=\"#accordionTCC\">\n<div class=\"card-body\">\n<table width=\"95%\" align=\"center\">\n<thead>\n<tr>\n<th>Acad\u00eamico<\/th>\n<th>Orientador<\/th>\n<th>Data<\/th>\n<th><\/th>\n<\/tr>\n<\/thead>\n<tr>\n<td>Sabrina Vit\u00f3ria de Souza Nogueira da Silva<\/td>\n<td>Heberton Wender Luiz dos Santos<\/td>\n<td>11\/2021<\/td>\n<td><a href=\"https:\/\/drive.google.com\/file\/d\/1_sOe9AyLTLia9ve3jWcgE7aNq-BgrquL\/view\" target=\"_blank\" rel=\"noopener\">Download<\/a><\/td>\n<\/tr>\n<\/table><\/div>\n<\/p><\/div>\n<\/p><\/div>\n<div class=\"card\">\n<div class=\"card-header\" id=\"heading2\">\n<h2 class=\"mb-0\">\n        <button class=\"btn btn-link collapsed\" type=\"button\" data-toggle=\"collapse\" data-target=\"#collapse2\"><br \/>\n          Desvio Gravitacional da Luz: Fundamentos e Comprova\u00e7\u00f5es Experimentais<br \/>\n        <\/button><br \/>\n      <\/h2>\n<\/p><\/div>\n<div id=\"collapse2\" class=\"collapse\" aria-labelledby=\"heading2\" data-parent=\"#accordionTCC\">\n<div class=\"card-body\">\n<table width=\"95%\" align=\"center\">\n<thead>\n<tr>\n<th>Acad\u00eamico<\/th>\n<th>Orientador<\/th>\n<th>Data<\/th>\n<th><\/th>\n<\/tr>\n<\/thead>\n<tr>\n<td>Antonio Cunha Freire J\u00fanior<\/td>\n<td>Hamilton Perez Soares Corr\u00eaa<\/td>\n<td>03\/12\/2019<\/td>\n<td>Download<\/td>\n<\/tr>\n<\/table><\/div>\n<\/p><\/div>\n<\/p><\/div>\n<div class=\"card\">\n<div class=\"card-header\" id=\"heading3\">\n<h2 class=\"mb-0\">\n        <button class=\"btn btn-link collapsed\" type=\"button\" data-toggle=\"collapse\" data-target=\"#collapse3\"><br \/>\n          Estudo do Modelo de Ising em uma Rede Quadrada com Intera\u00e7\u00f5es Antiferromagn\u00e9ticas <br \/> via Teoria de Campo M\u00e9dio com Clusters<br \/>\n        <\/button><br \/>\n      <\/h2>\n<\/p><\/div>\n<div id=\"collapse3\" class=\"collapse\" aria-labelledby=\"heading3\" data-parent=\"#accordionTCC\">\n<div class=\"card-body\">\n<table width=\"95%\" align=\"center\">\n<thead>\n<tr>\n<th>Acad\u00eamico<\/th>\n<th>Orientador<\/th>\n<th>Data<\/th>\n<th><\/th>\n<\/tr>\n<\/thead>\n<tr>\n<td>Habibb Yasser Dalloul<\/td>\n<td>Fabio Mallmann Zimmer<\/td>\n<td>03\/12\/2019<\/td>\n<td>Download<\/td>\n<\/tr>\n<\/table><\/div>\n<\/p><\/div>\n<\/p><\/div>\n<div class=\"card\">\n<div class=\"card-header\" id=\"heading1\">\n<h2 class=\"mb-0\">\n        <button class=\"btn btn-link collapsed\" type=\"button\" data-toggle=\"collapse\" data-target=\"#collapse1\"><br \/>\n          Popula\u00e7\u00e3o de Val\u00eancia de Metais de Transi\u00e7\u00e3o M na Perovskita SrMO3<br \/>\n        <\/button><br \/>\n      <\/h2>\n<\/p><\/div>\n<div id=\"collapse1\" class=\"collapse\" aria-labelledby=\"heading1\" data-parent=\"#accordionTCC\">\n<div class=\"card-body\">\n<table width=\"95%\" align=\"center\">\n<thead>\n<tr>\n<th>Acad\u00eamico<\/th>\n<th>Orientador<\/th>\n<th>Data<\/th>\n<th><\/th>\n<\/tr>\n<\/thead>\n<tr>\n<td>Lu\u00eds Felipe Alves da Silva<\/td>\n<td>Jo\u00e3o V\u00edtor Batista Ferreira<\/td>\n<td>29\/11\/2019<\/td>\n<td>Download<\/td>\n<\/tr>\n<\/table><\/div>\n<\/p><\/div>\n<\/p><\/div>\n<div class=\"card\">\n<div class=\"card-header\" id=\"heading7\">\n<h2 class=\"mb-0\">\n        <button class=\"btn btn-link collapsed\" type=\"button\" data-toggle=\"collapse\" data-target=\"#collapse7\"><br \/>\n          Teoria de Grupos aplicada \u00e0 cristalografia<br \/>\n        <\/button><br \/>\n      <\/h2>\n<\/p><\/div>\n<div id=\"collapse7\" class=\"collapse\" aria-labelledby=\"heading7\" data-parent=\"#accordionTCC\">\n<div class=\"card-body\">\n<table width=\"95%\" align=\"center\">\n<thead>\n<tr>\n<th>Acad\u00eamico<\/th>\n<th>Orientador<\/th>\n<th>Data<\/th>\n<th><\/th>\n<\/tr>\n<\/thead>\n<tr>\n<td>Luiz Felipe Scatena Guizado<\/td>\n<td>Isabela Porto Cavalcante<\/td>\n<td>05\/07\/2019<\/td>\n<td><a href=\"https:\/\/drive.google.com\/file\/d\/1X0B-mjNmu9IRJhEGUb4p4ABkPu03mWte\/view\" target=\"_blank\" rel=\"noopener\">Download<\/a><\/td>\n<\/tr>\n<\/table><\/div>\n<\/p><\/div>\n<\/p><\/div>\n<div class=\"card\">\n<div class=\"card-header\" id=\"heading5\">\n<h2 class=\"mb-0\">\n        <button class=\"btn btn-link collapsed\" type=\"button\" data-toggle=\"collapse\" data-target=\"#collapse5\"><br \/>\n          Do Efeito Hall Cl\u00e1ssico ao Efeito Hall Qu\u00e2ntico Inteiro<br \/>\n        <\/button><br \/>\n      <\/h2>\n<\/p><\/div>\n<div id=\"collapse5\" class=\"collapse\" aria-labelledby=\"heading5\" data-parent=\"#accordionTCC\">\n<div class=\"card-body\">\n<table width=\"95%\" align=\"center\">\n<thead>\n<tr>\n<th>Acad\u00eamico<\/th>\n<th>Orientador<\/th>\n<th>Data<\/th>\n<th><\/th>\n<\/tr>\n<\/thead>\n<tr>\n<td>Julian Zanon<\/td>\n<td>Isabela Porto Cavalcante<\/td>\n<td>18\/12\/2018<\/td>\n<td><a href=\"https:\/\/drive.google.com\/file\/d\/1cGCeznuL3UBB89k8vD-r59n0tmoW2q8u\/view\" target=\"_blank\" rel=\"noopener\">Download<\/a><\/td>\n<\/tr>\n<\/table><\/div>\n<\/p><\/div>\n<\/p><\/div>\n<div class=\"card\">\n<div class=\"card-header\" id=\"heading4\">\n<h2 class=\"mb-0\">\n        <button class=\"btn btn-link collapsed\" type=\"button\" data-toggle=\"collapse\" data-target=\"#collapse4\"><br \/>\n          Teoria de Grupos e a Estrutura Cristalina da Wurtzita<br \/>\n        <\/button><br \/>\n      <\/h2>\n<\/p><\/div>\n<div id=\"collapse4\" class=\"collapse\" aria-labelledby=\"heading4\" data-parent=\"#accordionTCC\">\n<div class=\"card-body\">\n<table width=\"95%\" align=\"center\">\n<thead>\n<tr>\n<th>Acad\u00eamico<\/th>\n<th>Orientador<\/th>\n<th>Data<\/th>\n<th><\/th>\n<\/tr>\n<\/thead>\n<tr>\n<td>Willian Carvalho da Silva<\/td>\n<td>Isabela Porto Cavalcante<\/td>\n<td>17\/12\/2018<\/td>\n<td><a href=\"https:\/\/drive.google.com\/file\/d\/1aKM18B6C0fYmU1AuUwxqcGCu262ysOaq\/view\" target=\"_blank\" rel=\"noopener\">Download<\/a><\/td>\n<\/tr>\n<\/table><\/div>\n<\/p><\/div>\n<\/p><\/div>\n<div class=\"card\">\n<div class=\"card-header\" id=\"heading6\">\n<h2 class=\"mb-0\">\n        <button class=\"btn btn-link collapsed\" type=\"button\" data-toggle=\"collapse\" data-target=\"#collapse6\"><br \/>\n          Proposta de um modelo simplificado para o Grupo de Renormaliza\u00e7\u00e3o Num\u00e9rico<br \/>\n        <\/button><br \/>\n      <\/h2>\n<\/p><\/div>\n<div id=\"collapse6\" class=\"collapse\" aria-labelledby=\"heading6\" data-parent=\"#accordionTCC\">\n<div class=\"card-body\">\n<table width=\"95%\" align=\"center\">\n<thead>\n<tr>\n<th>Acad\u00eamico<\/th>\n<th>Orientador<\/th>\n<th>Data<\/th>\n<th><\/th>\n<\/tr>\n<\/thead>\n<tr>\n<td>Lucas Nogueira de S\u00e1 Martins<\/td>\n<td>Jo\u00e3o V\u00edtor Batista Ferreira<\/td>\n<td>25\/04\/2016<\/td>\n<td><a href=\"https:\/\/drive.google.com\/file\/d\/1MlWRk0sDzUofSZHTm3O103v-7woT31dD\/view\" target=\"_blank\" rel=\"noopener\">Download<\/a><\/td>\n<\/tr>\n<\/table><\/div>\n<\/p><\/div>\n<\/p><\/div>\n<\/div>\n","protected":false},"excerpt":{"rendered":"<p>Trajetoria de uma particula carregada na perspectiva do formalismo Lagrangiano Acad\u00eamico Orientador Data Yuri Kokehara Glaucius Iahnke de Oliveira 06\/12\/2019 Download Diferencia\u00e7\u00e3o de esp\u00e9cies de eucaliptos utilizando espectroscopia no infravermelho [&hellip;]<\/p>\n","protected":false},"author":651,"featured_media":0,"parent":3187,"menu_order":0,"comment_status":"closed","ping_status":"closed","template":"","meta":{"ngg_post_thumbnail":0,"footnotes":""},"coauthors":[],"class_list":["post-3192","page","type-page","status-publish","hentry"],"_links":{"self":[{"href":"https:\/\/infi.ufms.br\/en\/wp-json\/wp\/v2\/pages\/3192","targetHints":{"allow":["GET"]}}],"collection":[{"href":"https:\/\/infi.ufms.br\/en\/wp-json\/wp\/v2\/pages"}],"about":[{"href":"https:\/\/infi.ufms.br\/en\/wp-json\/wp\/v2\/types\/page"}],"author":[{"embeddable":true,"href":"https:\/\/infi.ufms.br\/en\/wp-json\/wp\/v2\/users\/651"}],"replies":[{"embeddable":true,"href":"https:\/\/infi.ufms.br\/en\/wp-json\/wp\/v2\/comments?post=3192"}],"version-history":[{"count":14,"href":"https:\/\/infi.ufms.br\/en\/wp-json\/wp\/v2\/pages\/3192\/revisions"}],"predecessor-version":[{"id":4485,"href":"https:\/\/infi.ufms.br\/en\/wp-json\/wp\/v2\/pages\/3192\/revisions\/4485"}],"up":[{"embeddable":true,"href":"https:\/\/infi.ufms.br\/en\/wp-json\/wp\/v2\/pages\/3187"}],"wp:attachment":[{"href":"https:\/\/infi.ufms.br\/en\/wp-json\/wp\/v2\/media?parent=3192"}],"wp:term":[{"taxonomy":"author","embeddable":true,"href":"https:\/\/infi.ufms.br\/en\/wp-json\/wp\/v2\/coauthors?post=3192"}],"curies":[{"name":"wp","href":"https:\/\/api.w.org\/{rel}","templated":true}]}}