{"id":3190,"date":"2019-10-08T09:50:52","date_gmt":"2019-10-08T13:50:52","guid":{"rendered":"https:\/\/infi.ufms.br\/?page_id=3190"},"modified":"2025-03-11T00:49:39","modified_gmt":"2025-03-11T04:49:39","slug":"fisica-licenciatura","status":"publish","type":"page","link":"https:\/\/infi.ufms.br\/en\/tcc\/fisica-licenciatura\/","title":{"rendered":"TCCs F\u00edsica Licenciatura"},"content":{"rendered":"<div class=\"accordion\" id=\"accordionTCC\">\n<div class=\"card\">\n<div class=\"card-header\" id=\"heading27\">\n<h2 class=\"mb-0\">\n        <a href=\"https:\/\/repositorio.ufms.br\/handle\/123456789\/11500\" target=\"_blank\" rel=\"noopener\"><br \/>\n          <button class=\"btn btn-link collapsed\" type=\"button\" data-toggle=\"collapse\" data-target=\"#collapse27\" aria-expanded=\"false\" aria-controls=\"collapse27\"><br \/>\n            O Ensino de F\u00edsica Nuclear no Ensino M\u00e9dio: Uma Proposta de Sequ\u00eancia Did\u00e1tica<br \/>\n          <\/button><br \/>\n        <\/a><br \/>\n      <\/h2>\n<\/p><\/div>\n<\/p><\/div>\n<div class=\"card\">\n<div class=\"card-header\" id=\"heading27\">\n<h2 class=\"mb-0\">\n        <a href=\"https:\/\/repositorio.ufms.br\/handle\/123456789\/11167\" target=\"_blank\" rel=\"noopener\"><br \/>\n          <button class=\"btn btn-link collapsed\" type=\"button\" data-toggle=\"collapse\" data-target=\"#collapse27\" aria-expanded=\"false\" aria-controls=\"collapse27\"><br \/>\n            Baralho de Radia\u00e7\u00f5es: Uma Proposta de Material Potencialmente Significativo<br \/>\n          <\/button><br \/>\n        <\/a><br \/>\n      <\/h2>\n<\/p><\/div>\n<\/p><\/div>\n<div class=\"card\">\n<div class=\"card-header\" id=\"heading27\">\n<h2 class=\"mb-0\">\n        <a href=\"https:\/\/repositorio.ufms.br\/handle\/123456789\/10682\" target=\"_blank\" rel=\"noopener\"><br \/>\n          <button class=\"btn btn-link collapsed\" type=\"button\" data-toggle=\"collapse\" data-target=\"#collapse27\" aria-expanded=\"false\" aria-controls=\"collapse27\"><br \/>\n            El\u00e9trica Residencial: Uma Proposta a Partir de Uma Unidade de Ensino Potencialmente Significativa<br \/>\n          <\/button><br \/>\n        <\/a><br \/>\n      <\/h2>\n<\/p><\/div>\n<\/p><\/div>\n<div class=\"card\">\n<div class=\"card-header\" id=\"heading27\">\n<h2 class=\"mb-0\">\n        <a href=\"https:\/\/repositorio.ufms.br\/handle\/123456789\/9012\" target=\"_blank\" rel=\"noopener\"><br \/>\n          <button class=\"btn btn-link collapsed\" type=\"button\" data-toggle=\"collapse\" data-target=\"#collapse27\" aria-expanded=\"false\" aria-controls=\"collapse27\"><br \/>\n            A Contribui\u00e7\u00e3o da Resid\u00eancia Pedag\u00f3gica na Forma\u00e7\u00e3o de Professores de F\u00edsica em Artigos e Monografias<br \/>\n          <\/button><br \/>\n        <\/a><br \/>\n      <\/h2>\n<\/p><\/div>\n<\/p><\/div>\n<div class=\"card\">\n<div class=\"card-header\" id=\"heading27\">\n<h2 class=\"mb-0\">\n        <a href=\"https:\/\/repositorio.ufms.br\/handle\/123456789\/8875\" target=\"_blank\" rel=\"noopener\"><br \/>\n          <button class=\"btn btn-link collapsed\" type=\"button\" data-toggle=\"collapse\" data-target=\"#collapse27\" aria-expanded=\"false\" aria-controls=\"collapse27\"><br \/>\n            Panorama das pesquisas sobre Hist\u00f3ria, Filosofia e Sociologia da F\u00edsica moderna e <br \/>contempor\u00e2nea na Revista Brasileira de Ensino de F\u00edsica<br \/>\n          <\/button><br \/>\n        <\/a><br \/>\n      <\/h2>\n<\/p><\/div>\n<\/p><\/div>\n<div class=\"card\">\n<div class=\"card-header\" id=\"heading27\">\n<h2 class=\"mb-0\">\n        <a href=\"https:\/\/repositorio.ufms.br\/handle\/123456789\/8441\" target=\"_blank\" rel=\"noopener\"><br \/>\n          <button class=\"btn btn-link collapsed\" type=\"button\" data-toggle=\"collapse\" data-target=\"#collapse27\" aria-expanded=\"false\" aria-controls=\"collapse27\"><br \/>\n            Proposta de Sequ\u00eancia Did\u00e1tica de Educa\u00e7\u00e3o em Astronomia para o N\u00edvel M\u00e9dio<br \/>\n          <\/button><br \/>\n        <\/a><br \/>\n      <\/h2>\n<\/p><\/div>\n<\/p><\/div>\n<div class=\"card\">\n<div class=\"card-header\" id=\"heading27\">\n<h2 class=\"mb-0\">\n        <a href=\"https:\/\/repositorio.ufms.br\/handle\/123456789\/8440\" target=\"_blank\" rel=\"noopener\"><br \/>\n          <button class=\"btn btn-link collapsed\" type=\"button\" data-toggle=\"collapse\" data-target=\"#collapse27\" aria-expanded=\"false\" aria-controls=\"collapse27\"><br \/>\n            Raz\u00f5es que motivam alunos de Ensino M\u00e9dio a optarem pela Gradua\u00e7\u00e3o em Licenciatura <br \/>em F\u00edsica: Uma Revis\u00e3o Bibliogr\u00e1fica<br \/>\n          <\/button><br \/>\n        <\/a><br \/>\n      <\/h2>\n<\/p><\/div>\n<\/p><\/div>\n<div class=\"card\">\n<div class=\"card-header\" id=\"heading27\">\n<h2 class=\"mb-0\">\n        <a href=\"https:\/\/repositorio.ufms.br\/handle\/123456789\/8418\" target=\"_blank\" rel=\"noopener\"><br \/>\n          <button class=\"btn btn-link collapsed\" type=\"button\" data-toggle=\"collapse\" data-target=\"#collapse27\" aria-expanded=\"false\" aria-controls=\"collapse27\"><br \/>\n            Proposta de Ensino de Astronomia nas S\u00e9ries Finais do Fundamental<br \/>\n          <\/button><br \/>\n        <\/a><br \/>\n      <\/h2>\n<\/p><\/div>\n<\/p><\/div>\n<div class=\"card\">\n<div class=\"card-header\" id=\"heading26\">\n<h2 class=\"mb-0\">\n        <button class=\"btn btn-link collapsed\" type=\"button\" data-toggle=\"collapse\" data-target=\"#collapse26\" aria-expanded=\"false\" aria-controls=\"collapse26\"><br \/>\n          O Mestrado Profissional em Ensino de Ci\u00eancias e Suas Influ\u00eancias para a Forma\u00e7\u00e3o Continuada<br \/>\n          <br \/>de Professores da Educa\u00e7\u00e3o B\u00e1sica em Mato Grosso do Sul \u2013 Produ\u00e7\u00e3o dos Egressos<br \/>\n        <\/button><br \/>\n      <\/h2>\n<\/p><\/div>\n<div id=\"collapse26\" class=\"collapse\" aria-labelledby=\"heading26\" data-parent=\"#accordionTCC\">\n<div class=\"card-body\">\n<table width=\"95%\" align=\"center\">\n<thead>\n<tr>\n<th>Acad\u00eamico<\/th>\n<th>Orientador<\/th>\n<th>Data<\/th>\n<th><\/th>\n<\/tr>\n<\/thead>\n<tr>\n<td>Carlos Eduardo Ricarte Candido<\/td>\n<td>Maria In\u00eas de Affonseca Jardim<\/td>\n<td>2023<\/td>\n<td><a href=\"https:\/\/repositorio.ufms.br\/handle\/123456789\/6680\" target=\"_blank\" rel=\"noopener\">Download<\/a><\/td>\n<\/tr>\n<\/table><\/div>\n<\/p><\/div>\n<\/p><\/div>\n<div class=\"card\">\n<div class=\"card-header\" id=\"heading25\">\n<h2 class=\"mb-0\">\n        <button class=\"btn btn-link collapsed\" type=\"button\" data-toggle=\"collapse\" data-target=\"#collapse25\" aria-expanded=\"false\" aria-controls=\"collapse25\"><br \/>\n          Proposta de uma representa\u00e7\u00e3o interdisciplinar sobre o emprego do celular na sociedade moderna<br \/>\n        <\/button><br \/>\n      <\/h2>\n<\/p><\/div>\n<div id=\"collapse25\" class=\"collapse\" aria-labelledby=\"heading25\" data-parent=\"#accordionTCC\">\n<div class=\"card-body\">\n<table width=\"95%\" align=\"center\">\n<thead>\n<tr>\n<th>Acad\u00eamico<\/th>\n<th>Orientador<\/th>\n<th>Data<\/th>\n<th><\/th>\n<\/tr>\n<\/thead>\n<tr>\n<td>Vinicius Teixeira da Silva<\/td>\n<td>N\u00e1dia Cristina Guimar\u00e3es Errobidart<\/td>\n<td>2023<\/td>\n<td><a href=\"https:\/\/repositorio.ufms.br\/handle\/123456789\/6634\" target=\"_blank\" rel=\"noopener\">Download<\/a><\/td>\n<\/tr>\n<\/table><\/div>\n<\/p><\/div>\n<\/p><\/div>\n<div class=\"card\">\n<div class=\"card-header\" id=\"heading24\">\n<h2 class=\"mb-0\">\n        <button class=\"btn btn-link collapsed\" type=\"button\" data-toggle=\"collapse\" data-target=\"#collapse24\" aria-expanded=\"false\" aria-controls=\"collapse24\"><br \/>\n          Uma Abordagem Cultural de Ensino em Astronomia: An\u00e1lise da Integra\u00e7\u00e3o entre CTS e Astronomia Cultural<br \/>\n        <\/button><br \/>\n      <\/h2>\n<\/p><\/div>\n<div id=\"collapse24\" class=\"collapse\" aria-labelledby=\"heading24\" data-parent=\"#accordionTCC\">\n<div class=\"card-body\">\n<table width=\"95%\" align=\"center\">\n<thead>\n<tr>\n<th>Acad\u00eamico<\/th>\n<th>Orientador<\/th>\n<th>Data<\/th>\n<th><\/th>\n<\/tr>\n<\/thead>\n<tr>\n<td>Rafael Pereira Silva<\/td>\n<td>Hamilton Perez Soares Corr\u00eaa<\/td>\n<td>2023<\/td>\n<td><a href=\"https:\/\/repositorio.ufms.br\/handle\/123456789\/6340\" target=\"_blank\" rel=\"noopener\">Download<\/a><\/td>\n<\/tr>\n<\/table><\/div>\n<\/p><\/div>\n<\/p><\/div>\n<div class=\"card\">\n<div class=\"card-header\" id=\"heading23\">\n<h2 class=\"mb-0\">\n        <button class=\"btn btn-link collapsed\" type=\"button\" data-toggle=\"collapse\" data-target=\"#collapse23\" aria-expanded=\"false\" aria-controls=\"collapse23\"><br \/>\n          Introdu\u00e7\u00e3o a Conceitos B\u00e1sicos de F\u00edsica T\u00e9rmica, por Meio de Pr\u00e1ticas Experimentais Automatizadas<br \/>\n        <\/button><br \/>\n      <\/h2>\n<\/p><\/div>\n<div id=\"collapse23\" class=\"collapse\" aria-labelledby=\"heading23\" data-parent=\"#accordionTCC\">\n<div class=\"card-body\">\n<table width=\"95%\" align=\"center\">\n<thead>\n<tr>\n<th>Acad\u00eamico<\/th>\n<th>Orientador<\/th>\n<th>Data<\/th>\n<th><\/th>\n<\/tr>\n<\/thead>\n<tr>\n<td>Eduardo de Araujo Mello J\u00fanior<\/td>\n<td>Hamilton Perez Soares Corr\u00eaa<\/td>\n<td>16\/02\/2023<\/td>\n<td><a href=\"https:\/\/drive.google.com\/file\/d\/1i5sKI80yiM0SD9MSEfYDnyt3lgphUnN0\/view\" target=\"_blank\" rel=\"noopener\">Download<\/a><\/td>\n<\/tr>\n<\/table><\/div>\n<\/p><\/div>\n<\/p><\/div>\n<div class=\"card\">\n<div class=\"card-header\" id=\"heading22\">\n<h2 class=\"mb-0\">\n        <button class=\"btn btn-link collapsed\" type=\"button\" data-toggle=\"collapse\" data-target=\"#collapse22\" aria-expanded=\"false\" aria-controls=\"collapse22\"><br \/>\n          Proposta de Uma Representa\u00e7\u00e3o Interdisciplinar com o Tema Telecomunica\u00e7\u00f5es <br \/>para a Integra\u00e7\u00e3o de Conhecimentos Disciplinares de F\u00edsica<br \/>\n        <\/button><br \/>\n      <\/h2>\n<\/p><\/div>\n<div id=\"collapse22\" class=\"collapse\" aria-labelledby=\"heading22\" data-parent=\"#accordionTCC\">\n<div class=\"card-body\">\n<table width=\"95%\" align=\"center\">\n<thead>\n<tr>\n<th>Acad\u00eamico<\/th>\n<th>Orientador<\/th>\n<th>Data<\/th>\n<th><\/th>\n<\/tr>\n<\/thead>\n<tr>\n<td>Eduardo de Araujo Mello J\u00fanior<\/td>\n<td>N\u00e1dia Cristina Guimar\u00e3es Errobidart<\/td>\n<td>2022<\/td>\n<td><a href=\"https:\/\/drive.google.com\/file\/d\/1_vwf-hf79YQLYL5bCZ63wdNoSyMAcJbZ\/view\" target=\"_blank\" rel=\"noopener\">Download<\/a><\/td>\n<\/tr>\n<\/table><\/div>\n<\/p><\/div>\n<\/p><\/div>\n<div class=\"card\">\n<div class=\"card-header\" id=\"heading21\">\n<h2 class=\"mb-0\">\n        <button class=\"btn btn-link collapsed\" type=\"button\" data-toggle=\"collapse\" data-target=\"#collapse21\" aria-expanded=\"false\" aria-controls=\"collapse21\"><br \/>\n          Uma Proposta Pedag\u00f3gica CTSA para o Estudo da Camada de Oz\u00f4nio<br \/>\n        <\/button><br \/>\n      <\/h2>\n<\/p><\/div>\n<div id=\"collapse21\" class=\"collapse\" aria-labelledby=\"heading21\" data-parent=\"#accordionTCC\">\n<div class=\"card-body\">\n<table width=\"95%\" align=\"center\">\n<thead>\n<tr>\n<th>Acad\u00eamico<\/th>\n<th>Orientador<\/th>\n<th>Data<\/th>\n<th><\/th>\n<\/tr>\n<\/thead>\n<tr>\n<td>Sophia Arm\u00f4a Candado<\/td>\n<td>N\u00e1dia Cristina Guimar\u00e3es Errobidart<\/td>\n<td>2022<\/td>\n<td><a href=\"https:\/\/drive.google.com\/file\/d\/1BQUDM0wWYJQ7RXRFcT3j5cZwZbSwhL5s\/view\" target=\"_blank\" rel=\"noopener\">Download<\/a><\/td>\n<\/tr>\n<\/table><\/div>\n<\/p><\/div>\n<\/p><\/div>\n<div class=\"card\">\n<div class=\"card-header\" id=\"heading20\">\n<h2 class=\"mb-0\">\n        <button class=\"btn btn-link collapsed\" type=\"button\" data-toggle=\"collapse\" data-target=\"#collapse20\" aria-expanded=\"false\" aria-controls=\"collapse20\"><br \/>\n          Uma Proposta Did\u00e1tica Utilizando o Arduino para o Estudo de Gr\u00e1ficos no Ensino M\u00e9dio<br \/>\n        <\/button><br \/>\n      <\/h2>\n<\/p><\/div>\n<div id=\"collapse20\" class=\"collapse\" aria-labelledby=\"heading20\" data-parent=\"#accordionTCC\">\n<div class=\"card-body\">\n<table width=\"95%\" align=\"center\">\n<thead>\n<tr>\n<th>Acad\u00eamico<\/th>\n<th>Orientador<\/th>\n<th>Data<\/th>\n<th><\/th>\n<\/tr>\n<\/thead>\n<tr>\n<td>Vitor Bezerra Ladeira<\/td>\n<td>Lisiane Barcellos Calheiro<\/td>\n<td>05\/12\/2022<\/td>\n<td><a href=\"https:\/\/drive.google.com\/file\/d\/1F_cSlUe9U1d0mhGURy2DHclMvltEsa4r\/view\" target=\"_blank\" rel=\"noopener\">Download<\/a><\/td>\n<\/tr>\n<\/table><\/div>\n<\/p><\/div>\n<\/p><\/div>\n<div class=\"card\">\n<div class=\"card-header\" id=\"heading19\">\n<h2 class=\"mb-0\">\n        <button class=\"btn btn-link collapsed\" type=\"button\" data-toggle=\"collapse\" data-target=\"#collapse19\" aria-expanded=\"false\" aria-controls=\"collapse19\"><br \/>\n          Representa\u00e7\u00f5es Sociais do Fracasso Escolar Compartilhadas por Professores de F\u00edsica<br \/>\n        <\/button><br \/>\n      <\/h2>\n<\/p><\/div>\n<div id=\"collapse19\" class=\"collapse\" aria-labelledby=\"heading19\" data-parent=\"#accordionTCC\">\n<div class=\"card-body\">\n<table width=\"95%\" align=\"center\">\n<thead>\n<tr>\n<th>Acad\u00eamico<\/th>\n<th>Orientador<\/th>\n<th>Data<\/th>\n<th><\/th>\n<\/tr>\n<\/thead>\n<tr>\n<td>Vin\u00edcius Galvan Walter<\/td>\n<td>Lisiane Barcellos Calheiro<\/td>\n<td>05\/11\/2022<\/td>\n<td><a href=\"https:\/\/drive.google.com\/file\/d\/1OB9DR1qcd0p3OiLVJ_3F2pxEah_cJRz8\/view\" target=\"_blank\" rel=\"noopener\">Download<\/a><\/td>\n<\/tr>\n<\/table><\/div>\n<\/p><\/div>\n<\/p><\/div>\n<div class=\"card\">\n<div class=\"card-header\" id=\"heading18\">\n<h2 class=\"mb-0\">\n        <button class=\"btn btn-link collapsed\" type=\"button\" data-toggle=\"collapse\" data-target=\"#collapse18\" aria-expanded=\"false\" aria-controls=\"collapse18\"><br \/>\n          A F\u00edsica das Radia\u00e7\u00f5es Aplicada \u00e0 Medicina: <br \/>Uma Proposta Did\u00e1tica para Inser\u00e7\u00e3o de F\u00edsica Moderna e Contempor\u00e2nea na Educa\u00e7\u00e3o B\u00e1sica<br \/>\n        <\/button><br \/>\n      <\/h2>\n<\/p><\/div>\n<div id=\"collapse18\" class=\"collapse\" aria-labelledby=\"heading18\" data-parent=\"#accordionTCC\">\n<div class=\"card-body\">\n<table width=\"95%\" align=\"center\">\n<thead>\n<tr>\n<th>Acad\u00eamico<\/th>\n<th>Orientador<\/th>\n<th>Data<\/th>\n<th><\/th>\n<\/tr>\n<\/thead>\n<tr>\n<td>Amanda Cristina Naujorks<\/td>\n<td>Lisiane Barcellos Calheiro<\/td>\n<td>08\/07\/2022<\/td>\n<td><a href=\"https:\/\/drive.google.com\/file\/d\/1_Hd4RnLxiu7VrP_VPrw7ACHcBYlnZwRO\/view\" target=\"_blank\" rel=\"noopener\">Download<\/a><\/td>\n<\/tr>\n<\/table><\/div>\n<\/p><\/div>\n<\/p><\/div>\n<div class=\"card\">\n<div class=\"card-header\" id=\"heading17\">\n<h2 class=\"mb-0\">\n        <button class=\"btn btn-link collapsed\" type=\"button\" data-toggle=\"collapse\" data-target=\"#collapse17\" aria-expanded=\"false\" aria-controls=\"collapse17\"><br \/>\n          Levantamento de publica\u00e7\u00f5es relacionadas ao estudo do som e ondas sonoras <br \/>em peri\u00f3dicos da \u00e1rea de ensino<br \/>\n        <\/button><br \/>\n      <\/h2>\n<\/p><\/div>\n<div id=\"collapse17\" class=\"collapse\" aria-labelledby=\"heading17\" data-parent=\"#accordionTCC\">\n<div class=\"card-body\">\n<table width=\"95%\" align=\"center\">\n<thead>\n<tr>\n<th>Acad\u00eamico<\/th>\n<th>Orientador<\/th>\n<th>Data<\/th>\n<th><\/th>\n<\/tr>\n<\/thead>\n<tr>\n<td>Gabriela Dias Bachmann<\/td>\n<td>N\u00e1dia Cristina Guimar\u00e3es Errobidart<\/td>\n<td>28\/06\/2022<\/td>\n<td><a href=\"https:\/\/drive.google.com\/file\/d\/1rO1LKGZVX8fRDZrxGF8yRnU0MTmD6zAG\/view\" target=\"_blank\" rel=\"noopener\">Download<\/a><\/td>\n<\/tr>\n<\/table><\/div>\n<\/p><\/div>\n<\/p><\/div>\n<div class=\"card\">\n<div class=\"card-header\" id=\"heading16\">\n<h2 class=\"mb-0\">\n        <button class=\"btn btn-link collapsed\" type=\"button\" data-toggle=\"collapse\" data-target=\"#collapse16\" aria-expanded=\"false\" aria-controls=\"collapse16\"><br \/>\n          Uma proposta de sequ\u00eancia did\u00e1tica sobre aspectos do sistema solar para alunos com defici\u00eancia visual<br \/>\n        <\/button><br \/>\n      <\/h2>\n<\/p><\/div>\n<div id=\"collapse16\" class=\"collapse\" aria-labelledby=\"heading16\" data-parent=\"#accordionTCC\">\n<div class=\"card-body\">\n<table width=\"95%\" align=\"center\">\n<thead>\n<tr>\n<th>Acad\u00eamico<\/th>\n<th>Orientador<\/th>\n<th>Data<\/th>\n<th><\/th>\n<\/tr>\n<\/thead>\n<tr>\n<td>Alessandra Guedes da Costa<\/td>\n<td>Maria In\u00eas de Affonsseca Jardim<\/td>\n<td>27\/05\/2022<\/td>\n<td><a href=\"https:\/\/drive.google.com\/file\/d\/1xjovdwqd5bz0TXvztOvKVVxHANHjUUsG\/view\" target=\"_blank\" rel=\"noopener\">Download<\/a><\/td>\n<\/tr>\n<\/table><\/div>\n<\/p><\/div>\n<\/p><\/div>\n<div class=\"card\">\n<div class=\"card-header\" id=\"heading15\">\n<h2 class=\"mb-0\">\n        <button class=\"btn btn-link collapsed\" type=\"button\" data-toggle=\"collapse\" data-target=\"#collapse15\" aria-expanded=\"false\" aria-controls=\"collapse15\"><br \/>\n          Em busca da universidade que observa seu contexto: Situa\u00e7\u00e3o profissional e opini\u00f5es <br \/>dos egressos do curso de F\u00edsica Licenciatura da UFMS<br \/>\n        <\/button><br \/>\n      <\/h2>\n<\/p><\/div>\n<div id=\"collapse15\" class=\"collapse\" aria-labelledby=\"heading15\" data-parent=\"#accordionTCC\">\n<div class=\"card-body\">\n<table width=\"95%\" align=\"center\">\n<thead>\n<tr>\n<th>Acad\u00eamico<\/th>\n<th>Orientador<\/th>\n<th>Data<\/th>\n<th><\/th>\n<\/tr>\n<\/thead>\n<tr>\n<td>Guilherme Corr\u00eaa dos Santos<\/td>\n<td>Maria In\u00eas de Affonsseca Jardim<\/td>\n<td>15\/02\/2022<\/td>\n<td><a href=\"https:\/\/drive.google.com\/file\/d\/1BH-QsSzi_MueloEa_IlE_1n6qF5KUww1\/view\" target=\"_blank\" rel=\"noopener\">Download<\/a><\/td>\n<\/tr>\n<\/table><\/div>\n<\/p><\/div>\n<\/p><\/div>\n<div class=\"card\">\n<div class=\"card-header\" id=\"heading14\">\n<h2 class=\"mb-0\">\n        <button class=\"btn btn-link collapsed\" type=\"button\" data-toggle=\"collapse\" data-target=\"#collapse14\" aria-expanded=\"false\" aria-controls=\"collapse14\"><br \/>\n          Uma proposta para o ensino de f\u00edsica moderna e contempor\u00e2nea sob a perspectiva <br \/>da pedagogia hist\u00f3rico-cr\u00edtica<br \/>\n        <\/button><br \/>\n      <\/h2>\n<\/p><\/div>\n<div id=\"collapse14\" class=\"collapse\" aria-labelledby=\"heading14\" data-parent=\"#accordionTCC\">\n<div class=\"card-body\">\n<table width=\"95%\" align=\"center\">\n<thead>\n<tr>\n<th>Acad\u00eamico<\/th>\n<th>Orientador<\/th>\n<th>Data<\/th>\n<th><\/th>\n<\/tr>\n<\/thead>\n<tr>\n<td>Adriano Tovar Kroth<\/td>\n<td>Lisiane Barcellos Calheiro<\/td>\n<td>02\/12\/2021<\/td>\n<td><a href=\"https:\/\/drive.google.com\/file\/d\/1houjog18dxuRn4NX8zXpQkwHXJPBpcAo\" target=\"_blank\" rel=\"noopener\">Download<\/a><\/td>\n<\/tr>\n<\/table><\/div>\n<\/p><\/div>\n<\/p><\/div>\n<div class=\"card\">\n<div class=\"card-header\" id=\"heading13\">\n<h2 class=\"mb-0\">\n        <button class=\"btn btn-link collapsed\" type=\"button\" data-toggle=\"collapse\" data-target=\"#collapse13\" aria-expanded=\"false\" aria-controls=\"collapse13\"><br \/>\n          Como abordar as Mudan\u00e7as Clim\u00e1ticas em aulas de F\u00edsica, uma proposta de material did\u00e1tico pedag\u00f3gico<br \/>\n        <\/button><br \/>\n      <\/h2>\n<\/p><\/div>\n<div id=\"collapse13\" class=\"collapse\" aria-labelledby=\"heading13\" data-parent=\"#accordionTCC\">\n<div class=\"card-body\">\n<table width=\"95%\" align=\"center\">\n<thead>\n<tr>\n<th>Acad\u00eamico<\/th>\n<th>Orientador<\/th>\n<th>Data<\/th>\n<th><\/th>\n<\/tr>\n<\/thead>\n<tr>\n<td>Rafael Garcia de \u00c1vila Ruiz<\/td>\n<td>Hamilton Perez Soares Corr\u00eaa<\/td>\n<td>03\/12\/2021<\/td>\n<td><a href=\"https:\/\/drive.google.com\/file\/d\/1PhgMepByZO-qRgxZlwJ9R9Ph77IkmdDT\" target=\"_blank\" rel=\"noopener\">Download<\/a><\/td>\n<\/tr>\n<\/table><\/div>\n<\/p><\/div>\n<\/p><\/div>\n<div class=\"card\">\n<div class=\"card-header\" id=\"heading12\">\n<h2 class=\"mb-0\">\n        <button class=\"btn btn-link collapsed\" type=\"button\" data-toggle=\"collapse\" data-target=\"#collapse12\" aria-expanded=\"false\" aria-controls=\"collapse12\"><br \/>\n          Lugar de fala dos licenciandos em F\u00edsica da UFMS sobre aulas remotas em tempos de pandemia<br \/>\n        <\/button><br \/>\n      <\/h2>\n<\/p><\/div>\n<div id=\"collapse12\" class=\"collapse\" aria-labelledby=\"heading12\" data-parent=\"#accordionTCC\">\n<div class=\"card-body\">\n<table width=\"95%\" align=\"center\">\n<thead>\n<tr>\n<th>Acad\u00eamico<\/th>\n<th>Orientador<\/th>\n<th>Data<\/th>\n<th><\/th>\n<\/tr>\n<\/thead>\n<tr>\n<td>B\u00e1rbara Sandy de Oliveira<\/td>\n<td>Hamilton Perez Soares Corr\u00eaa<\/td>\n<td>18\/02\/2021<\/td>\n<td><a href=\"https:\/\/drive.google.com\/file\/d\/1T5aD7PBauIK4-F172r8qCirGaAOCOpuv\" target=\"_blank\" rel=\"noopener\">Download<\/a><\/td>\n<\/tr>\n<\/table><\/div>\n<\/p><\/div>\n<\/p><\/div>\n<div class=\"card\">\n<div class=\"card-header\" id=\"heading11\">\n<h2 class=\"mb-0\">\n        <button class=\"btn btn-link collapsed\" type=\"button\" data-toggle=\"collapse\" data-target=\"#collapse11\" aria-expanded=\"false\" aria-controls=\"collapse11\"><br \/>\n          A discuss\u00e3o sobre conhecimento disciplinar de M\u00fasica em trabalhos da \u00e1rea de ensino<br \/>\n        <\/button><br \/>\n      <\/h2>\n<\/p><\/div>\n<div id=\"collapse11\" class=\"collapse\" aria-labelledby=\"heading11\" data-parent=\"#accordionTCC\">\n<div class=\"card-body\">\n<table width=\"95%\" align=\"center\">\n<thead>\n<tr>\n<th>Acad\u00eamico<\/th>\n<th>Orientador<\/th>\n<th>Data<\/th>\n<th><\/th>\n<\/tr>\n<\/thead>\n<tr>\n<td>Renato Camy de Araujo Bittencourt<\/td>\n<td>N\u00e1dia Cristina Guimar\u00e3es Errobidart<\/td>\n<td>05\/03\/2021<\/td>\n<td><a href=\"https:\/\/drive.google.com\/file\/d\/19HEbU_b-DOim54B9SZaokAsQpEjjXtyf\" target=\"_blank\" rel=\"noopener\">Download<\/a><\/td>\n<\/tr>\n<\/table><\/div>\n<\/p><\/div>\n<\/p><\/div>\n<div class=\"card\">\n<div class=\"card-header\" id=\"heading10\">\n<h2 class=\"mb-0\">\n        <button class=\"btn btn-link collapsed\" type=\"button\" data-toggle=\"collapse\" data-target=\"#collapse10\" aria-expanded=\"false\" aria-controls=\"collapse10\"><br \/>\n          Repreenta\u00e7\u00f5es sociais de estudantes da educa\u00e7\u00e3o b\u00e1sica sobre Buraco Negro<br \/>\n        <\/button><br \/>\n      <\/h2>\n<\/p><\/div>\n<div id=\"collapse10\" class=\"collapse\" aria-labelledby=\"heading10\" data-parent=\"#accordionTCC\">\n<div class=\"card-body\">\n<table width=\"95%\" align=\"center\">\n<thead>\n<tr>\n<th>Acad\u00eamico<\/th>\n<th>Orientador<\/th>\n<th>Data<\/th>\n<th><\/th>\n<\/tr>\n<\/thead>\n<tr>\n<td>Patrynie Garcia Barboda<\/td>\n<td>Lisiane Barcellos Calheiro<\/td>\n<td>08\/12\/2020<\/td>\n<td><a href=\"https:\/\/drive.google.com\/file\/d\/1oFuCvbij7OX_A8acVXeoi7p3eKTt81XH\" target=\"_blank\" rel=\"noopener\">Download<\/a><\/td>\n<\/tr>\n<\/table><\/div>\n<\/p><\/div>\n<\/p><\/div>\n<div class=\"card\">\n<div class=\"card-header\" id=\"heading9\">\n<h2 class=\"mb-0\">\n        <button class=\"btn btn-link collapsed\" type=\"button\" data-toggle=\"collapse\" data-target=\"#collapse9\" aria-expanded=\"false\" aria-controls=\"collapse9\"><br \/>\n          Ru\u00eddo na escola e a sua naturaliza\u00e7\u00e3o<br \/>\n        <\/button><br \/>\n      <\/h2>\n<\/p><\/div>\n<div id=\"collapse9\" class=\"collapse\" aria-labelledby=\"heading9\" data-parent=\"#accordionTCC\">\n<div class=\"card-body\">\n<table width=\"95%\" align=\"center\">\n<thead>\n<tr>\n<th>Acad\u00eamico<\/th>\n<th>Orientador<\/th>\n<th>Data<\/th>\n<th><\/th>\n<\/tr>\n<\/thead>\n<tr>\n<td>Gustavo Costa Silva de Oliveira<\/td>\n<td>N\u00e1dia Cristina Guimar\u00e3es Errobidart<\/td>\n<td>28\/07\/2020<\/td>\n<td><a href=\"https:\/\/drive.google.com\/file\/d\/1Yql2vzMiF7LB-FJ8pr7iHYKJC95n0YIb\" target=\"_blank\" rel=\"noopener\">Download<\/a><\/td>\n<\/tr>\n<\/table><\/div>\n<\/p><\/div>\n<\/p><\/div>\n<div class=\"card\">\n<div class=\"card-header\" id=\"heading1\">\n<h2 class=\"mb-0\">\n        <button class=\"btn btn-link collapsed\" type=\"button\" data-toggle=\"collapse\" data-target=\"#collapse1\" aria-expanded=\"false\" aria-controls=\"collapse1\"><br \/>\n          A integra\u00e7\u00e3o de conhecimento utilizando a linguagem de quadrinhos<br \/>\n        <\/button><br \/>\n      <\/h2>\n<\/p><\/div>\n<div id=\"collapse1\" class=\"collapse\" aria-labelledby=\"heading1\" data-parent=\"#accordionTCC\">\n<div class=\"card-body\">\n<table width=\"95%\" align=\"center\">\n<thead>\n<tr>\n<th>Acad\u00eamico<\/th>\n<th>Orientador<\/th>\n<th>Data<\/th>\n<th><\/th>\n<\/tr>\n<\/thead>\n<tr>\n<td>Aline Ribeiro Silva<\/td>\n<td>Nadia Cristina Guimar\u00e3es Errobidart<\/td>\n<td>27\/11\/2019<\/td>\n<td><a href=\"https:\/\/drive.google.com\/open?id=1GucGi5dwRga1ep5E1phRFmHpiBqzImsL\" target=\"_blank\" rel=\"noopener\">Download<\/a><\/td>\n<\/tr>\n<\/table><\/div>\n<\/p><\/div>\n<\/p><\/div>\n<div class=\"card\">\n<div class=\"card-header\" id=\"heading2\">\n<h2 class=\"mb-0\">\n        <button class=\"btn btn-link collapsed\" type=\"button\" data-toggle=\"collapse\" data-target=\"#collapse2\" aria-expanded=\"false\" aria-controls=\"collapse2\"><br \/>\n          Mapeamento de tecnologias assistivas para o atendimento de alunos cegos ou baixa vis\u00e3o <br \/>para o ensino de f\u00edsica<br \/>\n        <\/button><br \/>\n      <\/h2>\n<\/p><\/div>\n<div id=\"collapse2\" class=\"collapse\" aria-labelledby=\"heading2\" data-parent=\"#accordionTCC\">\n<div class=\"card-body\">\n<table width=\"95%\" align=\"center\">\n<thead>\n<tr>\n<th>Acad\u00eamico<\/th>\n<th>Orientador<\/th>\n<th>Data<\/th>\n<th><\/th>\n<\/tr>\n<\/thead>\n<tr>\n<td>Ana L\u00edgia Cereali<\/td>\n<td>Shirley Takeco Gobara<\/td>\n<td>27\/11\/2019<\/td>\n<td><a href=\"https:\/\/drive.google.com\/open?id=1erERddkYEW45cQ33xao-7xJxdU6KECOx\" target=\"_blank\" rel=\"noopener\">Download<\/a><\/td>\n<\/tr>\n<\/table><\/div>\n<\/p><\/div>\n<\/p><\/div>\n<div class=\"card\">\n<div class=\"card-header\" id=\"heading3\">\n<h2 class=\"mb-0\">\n        <button class=\"btn btn-link collapsed\" type=\"button\" data-toggle=\"collapse\" data-target=\"#collapse3\" aria-expanded=\"false\" aria-controls=\"collapse3\"><br \/>\n          A constru\u00e7\u00e3o interdisciplinar como alternativa para uma aproxima\u00e7\u00e3o entre ci\u00eancia e cotidiano<br \/>\n        <\/button><br \/>\n      <\/h2>\n<\/p><\/div>\n<div id=\"collapse3\" class=\"collapse\" aria-labelledby=\"heading3\" data-parent=\"#accordionTCC\">\n<div class=\"card-body\">\n<table width=\"95%\" align=\"center\">\n<thead>\n<tr>\n<th>Acad\u00eamico<\/th>\n<th>Orientador<\/th>\n<th>Data<\/th>\n<th><\/th>\n<\/tr>\n<\/thead>\n<tr>\n<td>Debora Menezes de Oliveira<\/td>\n<td>Maria In\u00eas de Affonseca Jardim<\/td>\n<td>29\/11\/2019<\/td>\n<td><a href=\"https:\/\/drive.google.com\/open?id=10NF1qtRUkdFSklTk8VzstaHwQHFyLWp0\" target=\"_blank\" rel=\"noopener\">Download<\/a><\/td>\n<\/tr>\n<\/table><\/div>\n<\/p><\/div>\n<\/p><\/div>\n<div class=\"card\">\n<div class=\"card-header\" id=\"heading4\">\n<h2 class=\"mb-0\">\n        <button class=\"btn btn-link collapsed\" type=\"button\" data-toggle=\"collapse\" data-target=\"#collapse4\" aria-expanded=\"false\" aria-controls=\"collapse4\"><br \/>\n          Metodologias para o Uso de Tecnologias Digitais de Informa\u00e7\u00e3o e da Comunica\u00e7\u00e3o no Ensino de Ci\u00eancias: <br \/>Uma Revis\u00e3o Sistem\u00e1tica<br \/>\n        <\/button><br \/>\n      <\/h2>\n<\/p><\/div>\n<div id=\"collapse4\" class=\"collapse\" aria-labelledby=\"heading4\" data-parent=\"#accordionTCC\">\n<div class=\"card-body\">\n<table width=\"95%\" align=\"center\">\n<thead>\n<tr>\n<th>Acad\u00eamico<\/th>\n<th>Orientador<\/th>\n<th>Data<\/th>\n<th><\/th>\n<\/tr>\n<\/thead>\n<tr>\n<td>Fernando Sian Oliveira<\/td>\n<td>Maria In\u00eas de Affonseca Jardim<\/td>\n<td>29\/11\/2019<\/td>\n<td>Download<\/td>\n<\/tr>\n<\/table><\/div>\n<\/p><\/div>\n<\/p><\/div>\n<div class=\"card\">\n<div class=\"card-header\" id=\"heading5\">\n<h2 class=\"mb-0\">\n        <button class=\"btn btn-link collapsed\" type=\"button\" data-toggle=\"collapse\" data-target=\"#collapse5\" aria-expanded=\"false\" aria-controls=\"collapse5\"><br \/>\n          An\u00e1lise dos projetos pol\u00edticos pedag\u00f3gicos das institui\u00e7\u00f5es de ensino superior do centro-oeste <br \/>dos cursos de licenciatura em f\u00edsica<br \/>\n        <\/button><br \/>\n      <\/h2>\n<\/p><\/div>\n<div id=\"collapse5\" class=\"collapse\" aria-labelledby=\"heading5\" data-parent=\"#accordionTCC\">\n<div class=\"card-body\">\n<table width=\"95%\" align=\"center\">\n<thead>\n<tr>\n<th>Acad\u00eamico<\/th>\n<th>Orientador<\/th>\n<th>Data<\/th>\n<th><\/th>\n<\/tr>\n<\/thead>\n<tr>\n<td>Patrick Luiz Guevara Delgado<\/td>\n<td>Hamilton Perez Soares Corr\u00eaa<\/td>\n<td>04\/12\/2019<\/td>\n<td><a href=\"https:\/\/drive.google.com\/open?id=12eQ1-oyM5efXCqWk8n2I6p7hD9iBMLWB\" target=\"_blank\" rel=\"noopener\">Download<\/a><\/td>\n<\/tr>\n<\/table><\/div>\n<\/p><\/div>\n<\/p><\/div>\n<div class=\"card\">\n<div class=\"card-header\" id=\"heading6\">\n<h2 class=\"mb-0\">\n        <button class=\"btn btn-link collapsed\" type=\"button\" data-toggle=\"collapse\" data-target=\"#collapse6\" aria-expanded=\"false\" aria-controls=\"collapse6\"><br \/>\n          A Forma\u00e7\u00e3o de professores nas Pesquisas sobre Inser\u00e7\u00e3o das Quest\u00f5es Sociocient\u00edficas <br \/>na Educa\u00e7\u00e3o em Ci\u00eancias<br \/>\n        <\/button><br \/>\n      <\/h2>\n<\/p><\/div>\n<div id=\"collapse6\" class=\"collapse\" aria-labelledby=\"heading6\" data-parent=\"#accordionTCC\">\n<div class=\"card-body\">\n<table width=\"95%\" align=\"center\">\n<thead>\n<tr>\n<th>Acad\u00eamico<\/th>\n<th>Orientador<\/th>\n<th>Data<\/th>\n<th><\/th>\n<\/tr>\n<\/thead>\n<tr>\n<td>Henrique do Amaral Cruz<\/td>\n<td>Wellington Pereira de Queir\u00f3s<\/td>\n<td>05\/12\/2019<\/td>\n<td>Download<\/td>\n<\/tr>\n<\/table><\/div>\n<\/p><\/div>\n<\/p><\/div>\n<div class=\"card\">\n<div class=\"card-header\" id=\"heading7\">\n<h2 class=\"mb-0\">\n        <button class=\"btn btn-link collapsed\" type=\"button\" data-toggle=\"collapse\" data-target=\"#collapse7\" aria-expanded=\"false\" aria-controls=\"collapse7\"><br \/>\n          Ensino da cosmologia e sua inser\u00e7\u00e3o na pesquisa em educa\u00e7\u00e3o em ci\u00eancias<br \/>\n        <\/button><br \/>\n      <\/h2>\n<\/p><\/div>\n<div id=\"collapse7\" class=\"collapse\" aria-labelledby=\"heading7\" data-parent=\"#accordionTCC\">\n<div class=\"card-body\">\n<table width=\"95%\" align=\"center\">\n<thead>\n<tr>\n<th>Acad\u00eamico<\/th>\n<th>Orientador<\/th>\n<th>Data<\/th>\n<th><\/th>\n<\/tr>\n<\/thead>\n<tr>\n<td>Lucio Augusto Recalde Soares<\/td>\n<td>Hamilton Perez Soares Corr\u00eaa<\/td>\n<td>06\/12\/2019<\/td>\n<td><a href=\"https:\/\/drive.google.com\/open?id=1e7g4r6vOhnchSF56FH05uQ86Avjuo2ps\" target=\"_blank\" rel=\"noopener\">Download<\/a><\/td>\n<\/tr>\n<\/table><\/div>\n<\/p><\/div>\n<\/p><\/div>\n<div class=\"card\">\n<div class=\"card-header\" id=\"heading8\">\n<h2 class=\"mb-0\">\n        <button class=\"btn btn-link collapsed\" type=\"button\" data-toggle=\"collapse\" data-target=\"#collapse8\" aria-expanded=\"false\" aria-controls=\"collapse8\"><br \/>\n          As Demandas da Economia e o Caso Vida-Produ\u00e7\u00e3o na Base Nacional Comum Curricular<br \/>\n        <\/button><br \/>\n      <\/h2>\n<\/p><\/div>\n<div id=\"collapse8\" class=\"collapse\" aria-labelledby=\"heading8\" data-parent=\"#accordionTCC\">\n<div class=\"card-body\">\n<table width=\"95%\" align=\"center\">\n<thead>\n<tr>\n<th>Acad\u00eamico<\/th>\n<th>Orientador<\/th>\n<th>Data<\/th>\n<th><\/th>\n<\/tr>\n<\/thead>\n<tr>\n<td>Gabriel Leandro Revelo<\/td>\n<td>Wellington Pereira de Queir\u00f3s<\/td>\n<td>06\/12\/2019<\/td>\n<td><a href=\"https:\/\/drive.google.com\/open?id=13IoQYwIC3M7OkbYm1d7S91kbjSlkoD-c\" target=\"_blank\" rel=\"noopener\">Download<\/a><\/td>\n<\/tr>\n<\/table><\/div>\n<\/p><\/div>\n<\/p><\/div>\n<\/div>\n","protected":false},"excerpt":{"rendered":"<p>O Ensino de F\u00edsica Nuclear no Ensino M\u00e9dio: Uma Proposta de Sequ\u00eancia Did\u00e1tica Baralho de Radia\u00e7\u00f5es: Uma Proposta de Material Potencialmente Significativo El\u00e9trica Residencial: Uma Proposta a Partir de Uma [&hellip;]<\/p>\n","protected":false},"author":651,"featured_media":0,"parent":3187,"menu_order":0,"comment_status":"closed","ping_status":"closed","template":"","meta":{"ngg_post_thumbnail":0,"footnotes":""},"coauthors":[],"class_list":["post-3190","page","type-page","status-publish","hentry"],"_links":{"self":[{"href":"https:\/\/infi.ufms.br\/en\/wp-json\/wp\/v2\/pages\/3190","targetHints":{"allow":["GET"]}}],"collection":[{"href":"https:\/\/infi.ufms.br\/en\/wp-json\/wp\/v2\/pages"}],"about":[{"href":"https:\/\/infi.ufms.br\/en\/wp-json\/wp\/v2\/types\/page"}],"author":[{"embeddable":true,"href":"https:\/\/infi.ufms.br\/en\/wp-json\/wp\/v2\/users\/651"}],"replies":[{"embeddable":true,"href":"https:\/\/infi.ufms.br\/en\/wp-json\/wp\/v2\/comments?post=3190"}],"version-history":[{"count":52,"href":"https:\/\/infi.ufms.br\/en\/wp-json\/wp\/v2\/pages\/3190\/revisions"}],"predecessor-version":[{"id":4960,"href":"https:\/\/infi.ufms.br\/en\/wp-json\/wp\/v2\/pages\/3190\/revisions\/4960"}],"up":[{"embeddable":true,"href":"https:\/\/infi.ufms.br\/en\/wp-json\/wp\/v2\/pages\/3187"}],"wp:attachment":[{"href":"https:\/\/infi.ufms.br\/en\/wp-json\/wp\/v2\/media?parent=3190"}],"wp:term":[{"taxonomy":"author","embeddable":true,"href":"https:\/\/infi.ufms.br\/en\/wp-json\/wp\/v2\/coauthors?post=3190"}],"curies":[{"name":"wp","href":"https:\/\/api.w.org\/{rel}","templated":true}]}}